{"id":98,"date":"2020-03-08T08:47:37","date_gmt":"2020-03-08T08:47:37","guid":{"rendered":"http:\/\/alexandraschewski.de\/?page_id=98"},"modified":"2025-11-13T14:58:10","modified_gmt":"2025-11-13T14:58:10","slug":"leinwand","status":"publish","type":"page","link":"https:\/\/alexandraschewski.de\/?page_id=98","title":{"rendered":"In Situ\/Raum\/Objekt\/Fotografie"},"content":{"rendered":"\n<div style=\"height:10px\" aria-hidden=\"true\" class=\"wp-block-spacer\"><\/div>\n\n\n\n<figure class=\"wp-block-image size-large\"><img loading=\"lazy\" decoding=\"async\" width=\"768\" height=\"1024\" src=\"https:\/\/alexandraschewski.de\/wp-content\/uploads\/2025\/10\/IMG_0852-768x1024.jpg\" alt=\"\" class=\"wp-image-483\" srcset=\"https:\/\/alexandraschewski.de\/wp-content\/uploads\/2025\/10\/IMG_0852-768x1024.jpg 768w, https:\/\/alexandraschewski.de\/wp-content\/uploads\/2025\/10\/IMG_0852-225x300.jpg 225w, https:\/\/alexandraschewski.de\/wp-content\/uploads\/2025\/10\/IMG_0852-1152x1536.jpg 1152w, https:\/\/alexandraschewski.de\/wp-content\/uploads\/2025\/10\/IMG_0852-1536x2048.jpg 1536w, https:\/\/alexandraschewski.de\/wp-content\/uploads\/2025\/10\/IMG_0852-scaled.jpg 1920w\" sizes=\"auto, (max-width: 768px) 100vw, 768px\" \/><\/figure>\n\n\n\n<p>HAUFEN \/\/ HELLES GELB<br>2025 <br>\u00d6l auf Leinwand, gemalt, geschnitten, auf Leinwand geh\u00e4uft<br>Gr\u00f6\u00dfe variabel<\/p>\n\n\n<div class=\"wp-block-image is-style-default\">\n<figure class=\"aligncenter size-full\"><img loading=\"lazy\" decoding=\"async\" width=\"2560\" height=\"1920\" src=\"http:\/\/alexandraschewski.de\/wp-content\/uploads\/2020\/03\/Haufen-scaled.jpg\" alt=\"\" class=\"wp-image-70\" srcset=\"https:\/\/alexandraschewski.de\/wp-content\/uploads\/2020\/03\/Haufen-scaled.jpg 2560w, https:\/\/alexandraschewski.de\/wp-content\/uploads\/2020\/03\/Haufen-300x225.jpg 300w, https:\/\/alexandraschewski.de\/wp-content\/uploads\/2020\/03\/Haufen-1024x768.jpg 1024w, https:\/\/alexandraschewski.de\/wp-content\/uploads\/2020\/03\/Haufen-768x576.jpg 768w, https:\/\/alexandraschewski.de\/wp-content\/uploads\/2020\/03\/Haufen-1536x1152.jpg 1536w, https:\/\/alexandraschewski.de\/wp-content\/uploads\/2020\/03\/Haufen-2048x1536.jpg 2048w\" sizes=\"auto, (max-width: 2560px) 100vw, 2560px\" \/><\/figure><\/div>\n\n\n<p>HAUFEN<br>2017<br>Installation, Leinwand bemalt, geschnitten und geh\u00e4uft auf Karton und Holz<br>14,5&#215;21 cm, Anordnung variabel<\/p>\n\n\n\n<figure class=\"wp-block-image size-large\"><img loading=\"lazy\" decoding=\"async\" width=\"699\" height=\"1024\" src=\"https:\/\/alexandraschewski.de\/wp-content\/uploads\/2025\/11\/Existenz_Haufen_2020_150dpi_840px_2025-699x1024.jpg\" alt=\"\" class=\"wp-image-793\" srcset=\"https:\/\/alexandraschewski.de\/wp-content\/uploads\/2025\/11\/Existenz_Haufen_2020_150dpi_840px_2025-699x1024.jpg 699w, https:\/\/alexandraschewski.de\/wp-content\/uploads\/2025\/11\/Existenz_Haufen_2020_150dpi_840px_2025-205x300.jpg 205w, https:\/\/alexandraschewski.de\/wp-content\/uploads\/2025\/11\/Existenz_Haufen_2020_150dpi_840px_2025-768x1125.jpg 768w, https:\/\/alexandraschewski.de\/wp-content\/uploads\/2025\/11\/Existenz_Haufen_2020_150dpi_840px_2025.jpg 840w\" sizes=\"auto, (max-width: 699px) 100vw, 699px\" \/><\/figure>\n\n\n\n<p>Ausstellungsansicht EXISTENZ KAPITEL 2, HfBK Dresden, 2020<\/p>\n\n\n\n<figure class=\"wp-block-image size-large\"><img loading=\"lazy\" decoding=\"async\" width=\"819\" height=\"1024\" src=\"https:\/\/alexandraschewski.de\/wp-content\/uploads\/2022\/09\/C1150116-379F-4394-84CC-4D480B522683-819x1024.jpeg\" alt=\"\" class=\"wp-image-409\" srcset=\"https:\/\/alexandraschewski.de\/wp-content\/uploads\/2022\/09\/C1150116-379F-4394-84CC-4D480B522683-819x1024.jpeg 819w, https:\/\/alexandraschewski.de\/wp-content\/uploads\/2022\/09\/C1150116-379F-4394-84CC-4D480B522683-240x300.jpeg 240w, https:\/\/alexandraschewski.de\/wp-content\/uploads\/2022\/09\/C1150116-379F-4394-84CC-4D480B522683-768x960.jpeg 768w, https:\/\/alexandraschewski.de\/wp-content\/uploads\/2022\/09\/C1150116-379F-4394-84CC-4D480B522683-1229x1536.jpeg 1229w, https:\/\/alexandraschewski.de\/wp-content\/uploads\/2022\/09\/C1150116-379F-4394-84CC-4D480B522683.jpeg 1440w\" sizes=\"auto, (max-width: 819px) 100vw, 819px\" \/><\/figure>\n\n\n\n<div style=\"height:1px\" aria-hidden=\"true\" class=\"wp-block-spacer\"><\/div>\n\n\n\n<figure class=\"wp-block-image size-large\"><img loading=\"lazy\" decoding=\"async\" width=\"820\" height=\"1024\" src=\"https:\/\/alexandraschewski.de\/wp-content\/uploads\/2022\/09\/2265B99F-9166-4898-AD95-AEB9821F520D-820x1024.jpeg\" alt=\"\" class=\"wp-image-408\" srcset=\"https:\/\/alexandraschewski.de\/wp-content\/uploads\/2022\/09\/2265B99F-9166-4898-AD95-AEB9821F520D-820x1024.jpeg 820w, https:\/\/alexandraschewski.de\/wp-content\/uploads\/2022\/09\/2265B99F-9166-4898-AD95-AEB9821F520D-240x300.jpeg 240w, https:\/\/alexandraschewski.de\/wp-content\/uploads\/2022\/09\/2265B99F-9166-4898-AD95-AEB9821F520D-768x959.jpeg 768w, https:\/\/alexandraschewski.de\/wp-content\/uploads\/2022\/09\/2265B99F-9166-4898-AD95-AEB9821F520D-1229x1536.jpeg 1229w, https:\/\/alexandraschewski.de\/wp-content\/uploads\/2022\/09\/2265B99F-9166-4898-AD95-AEB9821F520D.jpeg 1440w\" sizes=\"auto, (max-width: 820px) 100vw, 820px\" \/><\/figure>\n\n\n\n<p>\u00dcBERWURF 2<br>2022<br>Leinwand bemalt, geschnitten, gelegt<br>80x56x74,5 cm<\/p>\n\n\n\n<figure class=\"wp-block-image size-large\"><img loading=\"lazy\" decoding=\"async\" width=\"768\" height=\"1024\" src=\"https:\/\/alexandraschewski.de\/wp-content\/uploads\/2022\/09\/IMG_5292-768x1024.jpeg\" alt=\"\" class=\"wp-image-419\" srcset=\"https:\/\/alexandraschewski.de\/wp-content\/uploads\/2022\/09\/IMG_5292-768x1024.jpeg 768w, https:\/\/alexandraschewski.de\/wp-content\/uploads\/2022\/09\/IMG_5292-225x300.jpeg 225w, https:\/\/alexandraschewski.de\/wp-content\/uploads\/2022\/09\/IMG_5292-1152x1536.jpeg 1152w, https:\/\/alexandraschewski.de\/wp-content\/uploads\/2022\/09\/IMG_5292-1536x2048.jpeg 1536w, https:\/\/alexandraschewski.de\/wp-content\/uploads\/2022\/09\/IMG_5292-scaled.jpeg 1920w\" sizes=\"auto, (max-width: 768px) 100vw, 768px\" \/><\/figure>\n\n\n\n<p>STAPEL<br>2022<br>Leinwand bemalt, geschnitten, r\u00fcckseitig gelegt, Holz<br>40x56x84 cm<\/p>\n\n\n\n<div style=\"height:1px\" aria-hidden=\"true\" class=\"wp-block-spacer\"><\/div>\n\n\n\n<figure class=\"wp-block-image size-large\"><img loading=\"lazy\" decoding=\"async\" width=\"768\" height=\"1024\" src=\"https:\/\/alexandraschewski.de\/wp-content\/uploads\/2022\/09\/IMG_5690-768x1024.jpeg\" alt=\"\" class=\"wp-image-422\" srcset=\"https:\/\/alexandraschewski.de\/wp-content\/uploads\/2022\/09\/IMG_5690-768x1024.jpeg 768w, https:\/\/alexandraschewski.de\/wp-content\/uploads\/2022\/09\/IMG_5690-225x300.jpeg 225w, https:\/\/alexandraschewski.de\/wp-content\/uploads\/2022\/09\/IMG_5690-1152x1536.jpeg 1152w, https:\/\/alexandraschewski.de\/wp-content\/uploads\/2022\/09\/IMG_5690-1536x2048.jpeg 1536w, https:\/\/alexandraschewski.de\/wp-content\/uploads\/2022\/09\/IMG_5690-scaled.jpeg 1920w\" sizes=\"auto, (max-width: 768px) 100vw, 768px\" \/><\/figure>\n\n\n\n<p>MODELL\/PATINA\/LEISTE<br>2022<br>Bleistift. Holz, Lack<br>31&#215;37,5&#215;208 cm<\/p>\n\n\n\n<figure class=\"wp-block-image size-large\"><img loading=\"lazy\" decoding=\"async\" width=\"768\" height=\"1024\" src=\"https:\/\/alexandraschewski.de\/wp-content\/uploads\/2022\/09\/IMG_5700-768x1024.jpeg\" alt=\"\" class=\"wp-image-413\" srcset=\"https:\/\/alexandraschewski.de\/wp-content\/uploads\/2022\/09\/IMG_5700-768x1024.jpeg 768w, https:\/\/alexandraschewski.de\/wp-content\/uploads\/2022\/09\/IMG_5700-225x300.jpeg 225w, https:\/\/alexandraschewski.de\/wp-content\/uploads\/2022\/09\/IMG_5700-1152x1536.jpeg 1152w, https:\/\/alexandraschewski.de\/wp-content\/uploads\/2022\/09\/IMG_5700-1536x2048.jpeg 1536w, https:\/\/alexandraschewski.de\/wp-content\/uploads\/2022\/09\/IMG_5700-scaled.jpeg 1920w\" sizes=\"auto, (max-width: 768px) 100vw, 768px\" \/><\/figure>\n\n\n\n<p>Ausstellungsansicht ZWEILICHT, Freiburg 2022<\/p>\n\n\n\n<div style=\"height:1px\" aria-hidden=\"true\" class=\"wp-block-spacer\"><\/div>\n\n\n<div class=\"wp-block-image is-resized\">\n<figure class=\"alignleft size-full\"><img loading=\"lazy\" decoding=\"async\" width=\"852\" height=\"1137\" src=\"http:\/\/alexandraschewski.de\/wp-content\/uploads\/2020\/03\/Tisch_Stapel4_74dpi.jpg\" alt=\"\" class=\"wp-image-80\" style=\"width:812px\" srcset=\"https:\/\/alexandraschewski.de\/wp-content\/uploads\/2020\/03\/Tisch_Stapel4_74dpi.jpg 852w, https:\/\/alexandraschewski.de\/wp-content\/uploads\/2020\/03\/Tisch_Stapel4_74dpi-225x300.jpg 225w, https:\/\/alexandraschewski.de\/wp-content\/uploads\/2020\/03\/Tisch_Stapel4_74dpi-767x1024.jpg 767w, https:\/\/alexandraschewski.de\/wp-content\/uploads\/2020\/03\/Tisch_Stapel4_74dpi-768x1025.jpg 768w\" sizes=\"auto, (max-width: 852px) 100vw, 852px\" \/><\/figure><\/div>\n\n\n<div style=\"height:1px\" aria-hidden=\"true\" class=\"wp-block-spacer\"><\/div>\n\n\n\n<div style=\"height:1px\" aria-hidden=\"true\" class=\"wp-block-spacer\"><\/div>\n\n\n\n<p>STAPEL (REIHUNG)<br>2019<br>Objekt\/Fotografie, bemalte Leinwand r\u00fcckseitig geschichtet, Holz, Anordnung variabel, <br>100x100x50 cm<\/p>\n\n\n<div class=\"wp-block-image is-resized\">\n<figure class=\"alignleft size-full\"><img loading=\"lazy\" decoding=\"async\" width=\"1117\" height=\"806\" src=\"http:\/\/alexandraschewski.de\/wp-content\/uploads\/2020\/03\/Tisch_Stapel_74dpi.jpg\" alt=\"\" class=\"wp-image-77\" style=\"width:840px\" srcset=\"https:\/\/alexandraschewski.de\/wp-content\/uploads\/2020\/03\/Tisch_Stapel_74dpi.jpg 1117w, https:\/\/alexandraschewski.de\/wp-content\/uploads\/2020\/03\/Tisch_Stapel_74dpi-300x216.jpg 300w, https:\/\/alexandraschewski.de\/wp-content\/uploads\/2020\/03\/Tisch_Stapel_74dpi-1024x739.jpg 1024w, https:\/\/alexandraschewski.de\/wp-content\/uploads\/2020\/03\/Tisch_Stapel_74dpi-768x554.jpg 768w\" sizes=\"auto, (max-width: 1117px) 100vw, 1117px\" \/><\/figure><\/div>\n\n\n<p><\/p>\n\n\n\n<div style=\"height:1px\" aria-hidden=\"true\" class=\"wp-block-spacer\"><\/div>\n\n\n\n<p>STAPEL (REIHUNG)<br>2019<br>Objekt\/Fotografie, bemalte Leinwand r\u00fcckseitig geschichtet, Holz, Anordnung variabel, <br>100x100x50 cm<\/p>\n\n\n\n<div style=\"height:1px\" aria-hidden=\"true\" class=\"wp-block-spacer\"><\/div>\n\n\n<div class=\"wp-block-image is-resized\">\n<figure class=\"alignleft size-full\"><img loading=\"lazy\" decoding=\"async\" width=\"806\" height=\"1099\" src=\"http:\/\/alexandraschewski.de\/wp-content\/uploads\/2020\/03\/Tisch_Stapel5_74dpi.jpg\" alt=\"\" class=\"wp-image-81\" srcset=\"https:\/\/alexandraschewski.de\/wp-content\/uploads\/2020\/03\/Tisch_Stapel5_74dpi.jpg 806w, https:\/\/alexandraschewski.de\/wp-content\/uploads\/2020\/03\/Tisch_Stapel5_74dpi-220x300.jpg 220w, https:\/\/alexandraschewski.de\/wp-content\/uploads\/2020\/03\/Tisch_Stapel5_74dpi-751x1024.jpg 751w, https:\/\/alexandraschewski.de\/wp-content\/uploads\/2020\/03\/Tisch_Stapel5_74dpi-768x1047.jpg 768w\" sizes=\"auto, (max-width: 806px) 100vw, 806px\" \/><\/figure><\/div>\n\n\n<div style=\"height:1px\" aria-hidden=\"true\" class=\"wp-block-spacer\"><\/div>\n\n\n\n<p>STAPEL<br>2019<br>Objekt\/Fotografie, bemalte Leinwand r\u00fcckseitig geschichtet, Holz, Anordnung variabel<br>100x100x50 cm<\/p>\n\n\n\n<figure class=\"wp-block-image alignleft size-full is-resized\"><img loading=\"lazy\" decoding=\"async\" width=\"1483\" height=\"2000\" src=\"http:\/\/alexandraschewski.de\/wp-content\/uploads\/2020\/03\/Papierwurf_74dpi.jpg\" alt=\"\n\n\" class=\"wp-image-75\" srcset=\"https:\/\/alexandraschewski.de\/wp-content\/uploads\/2020\/03\/Papierwurf_74dpi.jpg 1483w, https:\/\/alexandraschewski.de\/wp-content\/uploads\/2020\/03\/Papierwurf_74dpi-222x300.jpg 222w, https:\/\/alexandraschewski.de\/wp-content\/uploads\/2020\/03\/Papierwurf_74dpi-759x1024.jpg 759w, https:\/\/alexandraschewski.de\/wp-content\/uploads\/2020\/03\/Papierwurf_74dpi-768x1036.jpg 768w, https:\/\/alexandraschewski.de\/wp-content\/uploads\/2020\/03\/Papierwurf_74dpi-1139x1536.jpg 1139w\" sizes=\"auto, (max-width: 1483px) 100vw, 1483px\" \/><\/figure>\n\n\n\n<p>PAPIERWURF <br>2019<br>Objekt\/Installation, Papier, <br>ca. 70&#215;50 cm, Anordnung variabel<\/p>\n\n\n<div class=\"wp-block-image is-resized\">\n<figure class=\"alignleft size-full\"><img loading=\"lazy\" decoding=\"async\" width=\"700\" height=\"933\" src=\"http:\/\/alexandraschewski.de\/wp-content\/uploads\/2020\/03\/IMG_1797_74dpi.jpg\" alt=\"\" class=\"wp-image-71\" style=\"width:762px;height:auto\" srcset=\"https:\/\/alexandraschewski.de\/wp-content\/uploads\/2020\/03\/IMG_1797_74dpi.jpg 700w, https:\/\/alexandraschewski.de\/wp-content\/uploads\/2020\/03\/IMG_1797_74dpi-225x300.jpg 225w\" sizes=\"auto, (max-width: 700px) 100vw, 700px\" \/><\/figure><\/div>\n\n\n<p>KEIL<br>2018 <br>Objekt\/Installation\/Fotografie, Keilrahmenleisten, Holzsp\u00e4ne<br>Anordnung und Gr\u00f6\u00dfe variabel<\/p>\n\n\n\n<p><\/p>\n","protected":false},"excerpt":{"rendered":"<p>HAUFEN \/\/ HELLES GELB2025 \u00d6l auf Leinwand, gemalt, geschnitten, auf Leinwand geh\u00e4uftGr\u00f6\u00dfe variabel HAUFEN2017Installation, Leinwand bemalt, geschnitten und geh\u00e4uft auf Karton und Holz14,5&#215;21 cm, Anordnung variabel Ausstellungsansicht EXISTENZ KAPITEL 2, HfBK Dresden, 2020 \u00dcBERWURF 22022Leinwand bemalt, geschnitten, gelegt80x56x74,5 cm STAPEL2022Leinwand bemalt, geschnitten, r\u00fcckseitig gelegt, Holz40x56x84 cm MODELL\/PATINA\/LEISTE2022Bleistift. Holz, Lack31&#215;37,5&#215;208 cm Ausstellungsansicht ZWEILICHT, Freiburg 2022 STAPEL &hellip;<\/p>\n","protected":false},"author":1,"featured_media":0,"parent":0,"menu_order":0,"comment_status":"closed","ping_status":"closed","template":"","meta":{"footnotes":""},"class_list":["post-98","page","type-page","status-publish","hentry"],"_links":{"self":[{"href":"https:\/\/alexandraschewski.de\/index.php?rest_route=\/wp\/v2\/pages\/98","targetHints":{"allow":["GET"]}}],"collection":[{"href":"https:\/\/alexandraschewski.de\/index.php?rest_route=\/wp\/v2\/pages"}],"about":[{"href":"https:\/\/alexandraschewski.de\/index.php?rest_route=\/wp\/v2\/types\/page"}],"author":[{"embeddable":true,"href":"https:\/\/alexandraschewski.de\/index.php?rest_route=\/wp\/v2\/users\/1"}],"replies":[{"embeddable":true,"href":"https:\/\/alexandraschewski.de\/index.php?rest_route=%2Fwp%2Fv2%2Fcomments&post=98"}],"version-history":[{"count":81,"href":"https:\/\/alexandraschewski.de\/index.php?rest_route=\/wp\/v2\/pages\/98\/revisions"}],"predecessor-version":[{"id":941,"href":"https:\/\/alexandraschewski.de\/index.php?rest_route=\/wp\/v2\/pages\/98\/revisions\/941"}],"wp:attachment":[{"href":"https:\/\/alexandraschewski.de\/index.php?rest_route=%2Fwp%2Fv2%2Fmedia&parent=98"}],"curies":[{"name":"wp","href":"https:\/\/api.w.org\/{rel}","templated":true}]}}